{"id":2,"date":"2016-05-06T22:08:39","date_gmt":"2016-05-06T22:08:39","guid":{"rendered":"http:\/\/www.afotartec.org\/?page_id=2"},"modified":"2024-07-21T19:36:35","modified_gmt":"2024-07-21T19:36:35","slug":"pagina-ejemplo","status":"publish","type":"page","link":"https:\/\/www.afotartec.org\/?page_id=2","title":{"rendered":"CURSOS AUDIOVISUALES"},"content":{"rendered":"<blockquote>\n<h2 style=\"text-align: center;\" align=\"center\">&nbsp;<\/h2>\n<h1 style=\"text-align: center;\" align=\"center\"><span style=\"color: #008000;\"><a style=\"color: #008000;\" href=\"http:\/\/www.cursosdefotografia.org\" target=\"_blank\" rel=\"noopener\"><i><b>CURSOS DE FOTOGRAF\u00cdA, V\u00cdDEO Y CINEMATOGRAF\u00cdA<\/b><\/i><\/a><\/span><\/h1>\n<p><img decoding=\"async\" loading=\"lazy\" class=\"wp-image-278 aligncenter\" src=\"http:\/\/www.afotartec.org\/wp-content\/uploads\/QR-Cursosfotografia-300x298.jpg\" alt=\"QR-Cursosfotografia\" width=\"100\" height=\"99\" srcset=\"https:\/\/www.afotartec.org\/wp-content\/uploads\/QR-Cursosfotografia-300x298.jpg 300w, https:\/\/www.afotartec.org\/wp-content\/uploads\/QR-Cursosfotografia-150x150.jpg 150w, https:\/\/www.afotartec.org\/wp-content\/uploads\/QR-Cursosfotografia.jpg 406w\" sizes=\"(max-width: 100px) 100vw, 100px\" \/><\/p>\n<p style=\"text-align: center;\"><strong>T\u00c9CNICO EN COMUNICACI\u00d3N AUDIOVISUAL (1 A\u00d1O)<\/strong><\/p>\n<p style=\"text-align: center;\"><strong>CURSOS INICIACI\u00d3N A LA FOTOGRAF\u00cdA (3 MESES)<\/strong><\/p>\n<p style=\"text-align: center;\"><strong>CURSOS T\u00c9CNICOS FOTOGRAF\u00cdA Y V\u00cdDEO (6 MESES)<\/strong><\/p>\n<p style=\"text-align: center;\"><strong>BECAS DE ESTUDIO &#8211; GESTI\u00d3N DE EMPLEO<\/strong><\/p>\n<p style=\"text-align: right;\"><a href=\"http:\/\/www.cursosdefotografia.org\" target=\"_blank\" rel=\"noopener\"><strong><span style=\"color: #008000;\">IR A LA P\u00c1GINA ===&gt;<\/span><\/strong><\/a><\/p>\n<\/blockquote>\n<hr>\n<blockquote>\n<h3 style=\"text-align: center;\" align=\"center\"><span style=\"color: #808080;\"><strong>TALLERES PROMOCIONALES DE 2 A 4 HORAS:<\/strong><\/span><\/h3>\n<h3 style=\"text-align: center;\" align=\"center\"><span style=\"color: #008000;\"><b><i><a style=\"color: #008000;\" href=\"http:\/\/www.digitalcampus.eu\" target=\"_blank\" rel=\"noopener\">Talleres Gratuitos y Low Cost&nbsp;<\/a><\/i><\/b><\/span><\/h3>\n<\/blockquote>\n<hr>\n<blockquote>\n<h3 style=\"text-align: center;\" align=\"center\"><span style=\"color: #808080;\"><strong>TALLERES PR\u00c1CTICOS DE 2 A 4 HORAS:<\/strong><\/span><\/h3>\n<h3 style=\"text-align: center;\" align=\"center\"><span style=\"color: #008000;\"><b><i>Reportaje Social, Publicitario y Empresarial<\/i><\/b><\/span><\/h3>\n<\/blockquote>\n<hr>\n<h3 style=\"text-align: center;\" align=\"center\"><span style=\"color: #808080;\">&nbsp;+INFO &amp; Contacto:<\/span><\/h3>\n\n<div class=\"wpcf7 no-js\" id=\"wpcf7-f275-o1\" lang=\"es-ES\" dir=\"ltr\">\n<div class=\"screen-reader-response\"><p role=\"status\" aria-live=\"polite\" aria-atomic=\"true\"><\/p> <ul><\/ul><\/div>\n<form action=\"\/index.php?rest_route=%2Fwp%2Fv2%2Fpages%2F2#wpcf7-f275-o1\" method=\"post\" class=\"wpcf7-form init\" aria-label=\"Formulario de contacto\" novalidate=\"novalidate\" data-status=\"init\">\n<div style=\"display: none;\">\n<input type=\"hidden\" name=\"_wpcf7\" value=\"275\" \/>\n<input type=\"hidden\" name=\"_wpcf7_version\" value=\"5.7.7\" \/>\n<input type=\"hidden\" name=\"_wpcf7_locale\" value=\"es_ES\" \/>\n<input type=\"hidden\" name=\"_wpcf7_unit_tag\" value=\"wpcf7-f275-o1\" \/>\n<input type=\"hidden\" name=\"_wpcf7_container_post\" value=\"0\" \/>\n<input type=\"hidden\" name=\"_wpcf7_posted_data_hash\" value=\"\" \/>\n<input type=\"hidden\" name=\"_wpcf7_recaptcha_response\" value=\"\" \/>\n<\/div>\n<p>Nombre (requerido)\n<\/p>\n<p><span class=\"wpcf7-form-control-wrap\" data-name=\"nombre\"><input size=\"40\" class=\"wpcf7-form-control wpcf7-text wpcf7-validates-as-required\" aria-required=\"true\" aria-invalid=\"false\" value=\"\" type=\"text\" name=\"nombre\" \/><\/span>\n<\/p>\n<p>Tel\u00e9fono (requerido)\n<\/p>\n<p><span class=\"wpcf7-form-control-wrap\" data-name=\"telefono\"><input class=\"wpcf7-form-control wpcf7-number wpcf7-validates-as-required wpcf7-validates-as-number\" aria-required=\"true\" aria-invalid=\"false\" value=\"\" type=\"number\" name=\"telefono\" \/><\/span>\n<\/p>\n<p>Email (requerido)\n<\/p>\n<p><span class=\"wpcf7-form-control-wrap\" data-name=\"email\"><input size=\"40\" class=\"wpcf7-form-control wpcf7-text wpcf7-email wpcf7-validates-as-required wpcf7-validates-as-email\" aria-required=\"true\" aria-invalid=\"false\" value=\"\" type=\"email\" name=\"email\" \/><\/span>\n<\/p>\n<p>Poblaci\u00f3n\/Pa\u00eds\n<\/p>\n<p><span class=\"wpcf7-form-control-wrap\" data-name=\"poblacion\"><input size=\"40\" class=\"wpcf7-form-control wpcf7-text\" aria-invalid=\"false\" value=\"\" type=\"text\" name=\"poblacion\" \/><\/span>\n<\/p>\n<p>Comentarios\n<\/p>\n<p><span class=\"wpcf7-form-control-wrap\" data-name=\"comentarios\"><textarea cols=\"40\" rows=\"10\" class=\"wpcf7-form-control wpcf7-textarea\" aria-invalid=\"false\" name=\"comentarios\"><\/textarea><\/span>\n<\/p>\n<p><span class=\"wpcf7-form-control-wrap\" data-name=\"acceptance-995\"><span class=\"wpcf7-form-control wpcf7-acceptance\"><span class=\"wpcf7-list-item\"><input type=\"checkbox\" name=\"acceptance-995\" value=\"1\" aria-invalid=\"false\" \/><\/span><\/span><\/span> Aceptacion Politica Privacidad\n<\/p>\n\n<p><input class=\"wpcf7-form-control has-spinner wpcf7-submit\" type=\"submit\" value=\"Enviar\" \/>\n<\/p><p style=\"display: none !important;\" class=\"akismet-fields-container\" data-prefix=\"_wpcf7_ak_\"><label>&#916;<textarea name=\"_wpcf7_ak_hp_textarea\" cols=\"45\" rows=\"8\" maxlength=\"100\"><\/textarea><\/label><input type=\"hidden\" id=\"ak_js_1\" name=\"_wpcf7_ak_js\" value=\"222\"\/><script>document.getElementById( \"ak_js_1\" ).setAttribute( \"value\", ( new Date() ).getTime() );<\/script><\/p><div class=\"wpcf7-response-output\" aria-hidden=\"true\"><\/div>\n<\/form>\n<\/div>\n\n<p><em>El env\u00edo del formulario&nbsp;supone la aceptaci\u00f3n de la&nbsp;<a href=\"http:\/\/www.afotartec.org\/index.php\/politica-de-privacidad\/\" target=\"_blank\" rel=\"noopener\">pol\u00edtica de privacidad<\/a><\/em><\/p>\n<p><strong>Tel\u00e9fonos Contacto:&nbsp; 966441273 \u2013 966108441 * Centralita:<\/strong> <strong>902.001.041<\/strong><\/p>\n<p><strong>Horarios contacto oficinas lunes a jueves:<\/strong> 9:30 h. a 13:30 h. y 17 h. a 20 h. <strong>Viernes:<\/strong> 9:30 h. a 13:30 h. Viernes tarde cerrado.<\/p>\n","protected":false},"excerpt":{"rendered":"<p>&nbsp; CURSOS DE FOTOGRAF\u00cdA, V\u00cdDEO Y CINEMATOGRAF\u00cdA T\u00c9CNICO EN COMUNICACI\u00d3N AUDIOVISUAL (1 A\u00d1O) CURSOS INICIACI\u00d3N A LA FOTOGRAF\u00cdA (3 MESES) CURSOS T\u00c9CNICOS FOTOGRAF\u00cdA Y V\u00cdDEO (6 MESES) BECAS DE ESTUDIO &#8211; GESTI\u00d3N DE EMPLEO IR A LA P\u00c1GINA ===&gt; TALLERES PROMOCIONALES DE 2 A 4 HORAS: Talleres Gratuitos y Low Cost&nbsp; TALLERES PR\u00c1CTICOS DE 2 &hellip; <a href=\"https:\/\/www.afotartec.org\/?page_id=2\" class=\"more-link\">Seguir leyendo <span class=\"screen-reader-text\">CURSOS AUDIOVISUALES<\/span> <span class=\"meta-nav\">&rarr;<\/span><\/a><\/p>\n","protected":false},"author":1,"featured_media":0,"parent":0,"menu_order":0,"comment_status":"closed","ping_status":"open","template":"","meta":{"ngg_post_thumbnail":0},"jetpack_shortlink":"https:\/\/wp.me\/P8mjpt-2","_links":{"self":[{"href":"https:\/\/www.afotartec.org\/index.php?rest_route=\/wp\/v2\/pages\/2"}],"collection":[{"href":"https:\/\/www.afotartec.org\/index.php?rest_route=\/wp\/v2\/pages"}],"about":[{"href":"https:\/\/www.afotartec.org\/index.php?rest_route=\/wp\/v2\/types\/page"}],"author":[{"embeddable":true,"href":"https:\/\/www.afotartec.org\/index.php?rest_route=\/wp\/v2\/users\/1"}],"replies":[{"embeddable":true,"href":"https:\/\/www.afotartec.org\/index.php?rest_route=%2Fwp%2Fv2%2Fcomments&post=2"}],"version-history":[{"count":16,"href":"https:\/\/www.afotartec.org\/index.php?rest_route=\/wp\/v2\/pages\/2\/revisions"}],"predecessor-version":[{"id":550,"href":"https:\/\/www.afotartec.org\/index.php?rest_route=\/wp\/v2\/pages\/2\/revisions\/550"}],"wp:attachment":[{"href":"https:\/\/www.afotartec.org\/index.php?rest_route=%2Fwp%2Fv2%2Fmedia&parent=2"}],"curies":[{"name":"wp","href":"https:\/\/api.w.org\/{rel}","templated":true}]}}